{"id":11015,"date":"2015-06-03T09:37:56","date_gmt":"2015-06-03T09:37:56","guid":{"rendered":"http:\/\/www.museojudiobejar.com\/en\/publicaciones\/"},"modified":"2018-02-26T14:03:30","modified_gmt":"2018-02-26T12:03:30","slug":"publications","status":"publish","type":"page","link":"https:\/\/www.museojudiobejar.com\/en\/publications\/","title":{"rendered":"Books"},"content":{"rendered":"<p>The David Melul Jewish Museum promotes and disseminates the research about\u00a0Bejar\u2019s jewish past. Some publications can be purchased in the Museum\u2019s shop. This is\u00a0our catalogue (all works are in spanish):<\/p>\n<table cellspacing=\"10\" cellpadding=\"10\">\n<tbody>\n<tr>\n<td><img decoding=\"async\" class=\"aligncenter size-full wp-image-11146\" src=\"http:\/\/www.museojudiobejar.com\/wp-content\/uploads\/2015\/06\/libro-anna-lentsch.jpg\" alt=\"Anna Lentsch\" width=\"106\" height=\"150\" \/><\/td>\n<td><strong>LENSCH, Anna: Separad, un sue\u00f1o<\/strong>Cat\u00e1logo de la exposici\u00f3n con textos de A. Avil\u00e9s Amat y de Shemtov ben Abraham e\u00a0ilustraciones de la pintora.<br \/>\nEditado por el Museo Jud\u00edo David Melul. B\u00e9jar, 2003<\/td>\n<\/tr>\n<tr>\n<td><img decoding=\"async\" class=\"aligncenter wp-image-11147 size-full\" src=\"http:\/\/www.museojudiobejar.com\/wp-content\/uploads\/2015\/06\/libri-judios-conversos-bejar.jpg\" alt=\"Libro Jud\u00edos y Conversos en la historia de B\u00e9jar\" width=\"106\" height=\"150\" \/><\/td>\n<td><strong>AVIL\u00c9S AMAT, Antonio: Jud\u00edos y conversos en la historia de B\u00e9jar<\/strong>(Incluye el texto Reencuentro de dos bejaranos despu\u00e9s de 400 a\u00f1os de David Melul)<br \/>\nEditado por la Diputaci\u00f3n de Salamanca. Salamanca, 2004<\/td>\n<\/tr>\n<tr>\n<td><img decoding=\"async\" class=\"aligncenter size-full wp-image-11149\" src=\"http:\/\/www.museojudiobejar.com\/wp-content\/uploads\/2015\/06\/portada-generica-libro.jpg\" alt=\"portada-generica-libro\" width=\"106\" height=\"150\" \/><\/td>\n<td><strong>COMENDADOR, Luis Felipe: Fadue\u00f1a. Historia de una posibilidad<\/strong>Editado por el Museo Jud\u00edo David Melul. B\u00e9jar, 2004<\/td>\n<\/tr>\n<tr>\n<td><img decoding=\"async\" class=\"aligncenter size-full wp-image-11149\" src=\"http:\/\/www.museojudiobejar.com\/wp-content\/uploads\/2015\/06\/portada-generica-libro.jpg\" alt=\"portada-generica-libro\" width=\"106\" height=\"150\" \/><\/td>\n<td><strong>CUADRADO, Mar\u00eda: Obra gr\u00e1fica<\/strong>Cat\u00e1logo de la exposici\u00f3n con texto de Antonio Avil\u00e9s Amat e ilustraciones de la\u00a0pintora.Edici\u00f3n de la artista en colaboraci\u00f3n con el Museo Jud\u00edo David Melul. Salamanca, 2006<\/td>\n<\/tr>\n<tr>\n<td><img decoding=\"async\" class=\"aligncenter size-full wp-image-11145\" src=\"http:\/\/www.museojudiobejar.com\/wp-content\/uploads\/2015\/06\/libro-adonay-adoname.jpg\" alt=\"Adonay, ad\u00f3name\" width=\"106\" height=\"150\" \/><\/td>\n<td><strong>GARC\u00cdA CASAR; Mar\u00eda Fuencisla: Adonay,ad\u00f3name<\/strong>Con pr\u00f3logo de Antonio Avil\u00e9s Amat\u00a0Editado por el Museo Jud\u00edo David Melul. B\u00e9jar, 2009<\/td>\n<\/tr>\n<tr>\n<td><img decoding=\"async\" class=\"aligncenter size-full wp-image-11148\" src=\"http:\/\/www.museojudiobejar.com\/wp-content\/uploads\/2015\/06\/guia-visita-museo-judio.jpg\" alt=\"guia-visita-museo-judio\" width=\"106\" height=\"150\" \/><\/td>\n<td><strong>GU\u00cdA PARA LA VISITA DEL MUSEO JUD\u00cdO DAVID MELUL (En castellano e ingl\u00e9s)<\/strong>Textos e ilustraciones de Antonio Avil\u00e9s AmatEditado por la Diputaci\u00f3n Provincial. Salamanca, 2014<\/td>\n<\/tr>\n<\/tbody>\n<\/table>\n","protected":false},"excerpt":{"rendered":"<p>The David Melul Jewish Museum promotes and disseminates the research about\u00a0Bejar\u2019s jewish past. Some publications can be purchased in the Museum\u2019s shop. This is\u00a0our catalogue (all works are in spanish): LENSCH, Anna: Separad, un sue\u00f1oCat\u00e1logo de la exposici\u00f3n con textos de A. Avil\u00e9s Amat y de Shemtov ben Abraham e\u00a0ilustraciones de la pintora. Editado por<\/p>\n","protected":false},"author":1,"featured_media":0,"parent":0,"menu_order":0,"comment_status":"open","ping_status":"closed","template":"","meta":{"footnotes":""},"class_list":["post-11015","page","type-page","status-publish","hentry"],"_links":{"self":[{"href":"https:\/\/www.museojudiobejar.com\/en\/wp-json\/wp\/v2\/pages\/11015","targetHints":{"allow":["GET"]}}],"collection":[{"href":"https:\/\/www.museojudiobejar.com\/en\/wp-json\/wp\/v2\/pages"}],"about":[{"href":"https:\/\/www.museojudiobejar.com\/en\/wp-json\/wp\/v2\/types\/page"}],"author":[{"embeddable":true,"href":"https:\/\/www.museojudiobejar.com\/en\/wp-json\/wp\/v2\/users\/1"}],"replies":[{"embeddable":true,"href":"https:\/\/www.museojudiobejar.com\/en\/wp-json\/wp\/v2\/comments?post=11015"}],"version-history":[{"count":7,"href":"https:\/\/www.museojudiobejar.com\/en\/wp-json\/wp\/v2\/pages\/11015\/revisions"}],"predecessor-version":[{"id":11172,"href":"https:\/\/www.museojudiobejar.com\/en\/wp-json\/wp\/v2\/pages\/11015\/revisions\/11172"}],"wp:attachment":[{"href":"https:\/\/www.museojudiobejar.com\/en\/wp-json\/wp\/v2\/media?parent=11015"}],"curies":[{"name":"wp","href":"https:\/\/api.w.org\/{rel}","templated":true}]}}