{"version":"1.0","provider_name":"Museo Jud\u00edo B\u00e9jar, David Melul","provider_url":"https:\/\/www.museojudiobejar.com\/en\/","author_name":"mjb_coll","author_url":"https:\/\/www.museojudiobejar.com\/en\/author\/mjb_coll\/","title":"Benjam\u00edn de Tudela llega a B\u00e9jar - Museo Jud\u00edo B\u00e9jar, David Melul","type":"rich","width":600,"height":338,"html":"<blockquote class=\"wp-embedded-content\" data-secret=\"A08urWpBz0\"><a href=\"https:\/\/www.museojudiobejar.com\/en\/2020\/08\/benjamin-tudela-llega-bejar\/\">Benjam\u00edn de Tudela llega a B\u00e9jar<\/a><\/blockquote><iframe sandbox=\"allow-scripts\" security=\"restricted\" src=\"https:\/\/www.museojudiobejar.com\/en\/2020\/08\/benjamin-tudela-llega-bejar\/embed\/#?secret=A08urWpBz0\" width=\"600\" height=\"338\" title=\"&#8220;Benjam\u00edn de Tudela llega a B\u00e9jar&#8221; &#8212; Museo Jud\u00edo B\u00e9jar, David Melul\" data-secret=\"A08urWpBz0\" frameborder=\"0\" marginwidth=\"0\" marginheight=\"0\" scrolling=\"no\" class=\"wp-embedded-content\"><\/iframe><script type=\"text\/javascript\">\n\/* <![CDATA[ *\/\n\/*! This file is auto-generated *\/\n!function(d,l){\"use strict\";l.querySelector&&d.addEventListener&&\"undefined\"!=typeof URL&&(d.wp=d.wp||{},d.wp.receiveEmbedMessage||(d.wp.receiveEmbedMessage=function(e){var t=e.data;if((t||t.secret||t.message||t.value)&&!\/[^a-zA-Z0-9]\/.test(t.secret)){for(var s,r,n,a=l.querySelectorAll('iframe[data-secret=\"'+t.secret+'\"]'),o=l.querySelectorAll('blockquote[data-secret=\"'+t.secret+'\"]'),c=new RegExp(\"^https?:$\",\"i\"),i=0;i<o.length;i++)o[i].style.display=\"none\";for(i=0;i<a.length;i++)s=a[i],e.source===s.contentWindow&&(s.removeAttribute(\"style\"),\"height\"===t.message?(1e3<(r=parseInt(t.value,10))?r=1e3:~~r<200&&(r=200),s.height=r):\"link\"===t.message&&(r=new URL(s.getAttribute(\"src\")),n=new URL(t.value),c.test(n.protocol))&&n.host===r.host&&l.activeElement===s&&(d.top.location.href=t.value))}},d.addEventListener(\"message\",d.wp.receiveEmbedMessage,!1),l.addEventListener(\"DOMContentLoaded\",function(){for(var e,t,s=l.querySelectorAll(\"iframe.wp-embedded-content\"),r=0;r<s.length;r++)(t=(e=s[r]).getAttribute(\"data-secret\"))||(t=Math.random().toString(36).substring(2,12),e.src+=\"#?secret=\"+t,e.setAttribute(\"data-secret\",t)),e.contentWindow.postMessage({message:\"ready\",secret:t},\"*\")},!1)))}(window,document);\n\/* ]]> *\/\n<\/script>\n","thumbnail_url":"https:\/\/www.museojudiobejar.com\/wp-content\/uploads\/2020\/08\/IMG-20200819-WA0010.jpg","thumbnail_width":636,"thumbnail_height":900,"description":"El Museo Jud\u00edo David Melul de B\u00e9jar cierra el mes de agosto con una nueva exposici\u00f3n temporal dedicada al viajero medieval Benjam\u00edn de Tudela. La muestra, que ocupa parte de\u00a0 la primera y segunda planta del museo, consta de 52 fotograf\u00edas de gran tama\u00f1o obra del artista Jes\u00fas \u00c1lava a trav\u00e9s de las que se"}