{"version":"1.0","provider_name":"Museo Jud\u00edo B\u00e9jar, David Melul","provider_url":"https:\/\/www.museojudiobejar.com\/en\/","author_name":"mjb_coll","author_url":"https:\/\/www.museojudiobejar.com\/en\/author\/mjb_coll\/","title":"B\u00e9jar estar\u00e1 en FITUR de la mano de la Red de Juder\u00edas - Museo Jud\u00edo B\u00e9jar, David Melul","type":"rich","width":600,"height":338,"html":"<blockquote class=\"wp-embedded-content\" data-secret=\"2uymeg5wrY\"><a href=\"https:\/\/www.museojudiobejar.com\/en\/2020\/01\/bejar-estara-fitur-mano-red-juderias\/\">B\u00e9jar estar\u00e1 en FITUR de la mano de la Red de Juder\u00edas<\/a><\/blockquote><iframe sandbox=\"allow-scripts\" security=\"restricted\" src=\"https:\/\/www.museojudiobejar.com\/en\/2020\/01\/bejar-estara-fitur-mano-red-juderias\/embed\/#?secret=2uymeg5wrY\" width=\"600\" height=\"338\" title=\"&#8220;B\u00e9jar estar\u00e1 en FITUR de la mano de la Red de Juder\u00edas&#8221; &#8212; Museo Jud\u00edo B\u00e9jar, David Melul\" data-secret=\"2uymeg5wrY\" frameborder=\"0\" marginwidth=\"0\" marginheight=\"0\" scrolling=\"no\" class=\"wp-embedded-content\"><\/iframe><script type=\"text\/javascript\">\n\/* <![CDATA[ *\/\n\/*! This file is auto-generated *\/\n!function(d,l){\"use strict\";l.querySelector&&d.addEventListener&&\"undefined\"!=typeof URL&&(d.wp=d.wp||{},d.wp.receiveEmbedMessage||(d.wp.receiveEmbedMessage=function(e){var t=e.data;if((t||t.secret||t.message||t.value)&&!\/[^a-zA-Z0-9]\/.test(t.secret)){for(var s,r,n,a=l.querySelectorAll('iframe[data-secret=\"'+t.secret+'\"]'),o=l.querySelectorAll('blockquote[data-secret=\"'+t.secret+'\"]'),c=new RegExp(\"^https?:$\",\"i\"),i=0;i<o.length;i++)o[i].style.display=\"none\";for(i=0;i<a.length;i++)s=a[i],e.source===s.contentWindow&&(s.removeAttribute(\"style\"),\"height\"===t.message?(1e3<(r=parseInt(t.value,10))?r=1e3:~~r<200&&(r=200),s.height=r):\"link\"===t.message&&(r=new URL(s.getAttribute(\"src\")),n=new URL(t.value),c.test(n.protocol))&&n.host===r.host&&l.activeElement===s&&(d.top.location.href=t.value))}},d.addEventListener(\"message\",d.wp.receiveEmbedMessage,!1),l.addEventListener(\"DOMContentLoaded\",function(){for(var e,t,s=l.querySelectorAll(\"iframe.wp-embedded-content\"),r=0;r<s.length;r++)(t=(e=s[r]).getAttribute(\"data-secret\"))||(t=Math.random().toString(36).substring(2,12),e.src+=\"#?secret=\"+t,e.setAttribute(\"data-secret\",t)),e.contentWindow.postMessage({message:\"ready\",secret:t},\"*\")},!1)))}(window,document);\n\/* ]]> *\/\n<\/script>\n","thumbnail_url":"https:\/\/www.museojudiobejar.com\/wp-content\/uploads\/2020\/01\/FITUR-2019-221.jpg","thumbnail_width":940,"thumbnail_height":627,"description":"La incorporaci\u00f3n de B\u00e9jar a la Red Espa\u00f1ola de Juder\u00edas est\u00e1 ofreciendo sus primeros frutos. As\u00ed, la ciudad estar\u00e1 presente en la Feria Internacional de Turismo FITUR, en concreto en el stand 9A04B, que la Red instalar\u00e1 en el pabell\u00f3n 9 de IFEMA del 22 al 26 de enero en Madrid. Las 22 localidades que"}