{"version":"1.0","provider_name":"Museo Jud\u00edo B\u00e9jar, David Melul","provider_url":"https:\/\/www.museojudiobejar.com\/en\/","author_name":"mjb_coll","author_url":"https:\/\/www.museojudiobejar.com\/en\/author\/mjb_coll\/","title":"Caminar a trav\u00e9s de cinco siglos de historia por una buena causa - Museo Jud\u00edo B\u00e9jar, David Melul","type":"rich","width":600,"height":338,"html":"<blockquote class=\"wp-embedded-content\" data-secret=\"eKGJKdHrcI\"><a href=\"https:\/\/www.museojudiobejar.com\/en\/2018\/05\/caminar-traves-cinco-siglos-historia-buena-causa\/\">Caminar a trav\u00e9s de cinco siglos de historia por una buena causa<\/a><\/blockquote><iframe sandbox=\"allow-scripts\" security=\"restricted\" src=\"https:\/\/www.museojudiobejar.com\/en\/2018\/05\/caminar-traves-cinco-siglos-historia-buena-causa\/embed\/#?secret=eKGJKdHrcI\" width=\"600\" height=\"338\" title=\"&#8220;Caminar a trav\u00e9s de cinco siglos de historia por una buena causa&#8221; &#8212; Museo Jud\u00edo B\u00e9jar, David Melul\" data-secret=\"eKGJKdHrcI\" frameborder=\"0\" marginwidth=\"0\" marginheight=\"0\" scrolling=\"no\" class=\"wp-embedded-content\"><\/iframe><script type=\"text\/javascript\">\n\/* <![CDATA[ *\/\n\/*! This file is auto-generated *\/\n!function(d,l){\"use strict\";l.querySelector&&d.addEventListener&&\"undefined\"!=typeof URL&&(d.wp=d.wp||{},d.wp.receiveEmbedMessage||(d.wp.receiveEmbedMessage=function(e){var t=e.data;if((t||t.secret||t.message||t.value)&&!\/[^a-zA-Z0-9]\/.test(t.secret)){for(var s,r,n,a=l.querySelectorAll('iframe[data-secret=\"'+t.secret+'\"]'),o=l.querySelectorAll('blockquote[data-secret=\"'+t.secret+'\"]'),c=new RegExp(\"^https?:$\",\"i\"),i=0;i<o.length;i++)o[i].style.display=\"none\";for(i=0;i<a.length;i++)s=a[i],e.source===s.contentWindow&&(s.removeAttribute(\"style\"),\"height\"===t.message?(1e3<(r=parseInt(t.value,10))?r=1e3:~~r<200&&(r=200),s.height=r):\"link\"===t.message&&(r=new URL(s.getAttribute(\"src\")),n=new URL(t.value),c.test(n.protocol))&&n.host===r.host&&l.activeElement===s&&(d.top.location.href=t.value))}},d.addEventListener(\"message\",d.wp.receiveEmbedMessage,!1),l.addEventListener(\"DOMContentLoaded\",function(){for(var e,t,s=l.querySelectorAll(\"iframe.wp-embedded-content\"),r=0;r<s.length;r++)(t=(e=s[r]).getAttribute(\"data-secret\"))||(t=Math.random().toString(36).substring(2,12),e.src+=\"#?secret=\"+t,e.setAttribute(\"data-secret\",t)),e.contentWindow.postMessage({message:\"ready\",secret:t},\"*\")},!1)))}(window,document);\n\/* ]]> *\/\n<\/script>\n","thumbnail_url":"https:\/\/www.museojudiobejar.com\/wp-content\/uploads\/2018\/05\/Fotomontaje-La-Salamanquesa-III.jpg","thumbnail_width":900,"thumbnail_height":900,"description":"El Museo David Melul de B\u00e9jar recordar\u00e1 la salida de los jud\u00edos de la ciudad en 1492 con una marcha senderista, que unir\u00e1 la localidad de B\u00e9jar con La Calzada el domingo 6 de mayo, a trav\u00e9s de un recorrido de casi 14 kil\u00f3metros que transita por zonas de gran valor medioambiental, hist\u00f3rico y cultural."}